{"id":3100,"date":"2018-12-07T09:42:54","date_gmt":"2018-12-07T08:42:54","guid":{"rendered":"http:\/\/www.piom.com.mk\/sq\/?page_id=3100"},"modified":"2025-11-20T09:20:24","modified_gmt":"2025-11-20T08:20:24","slug":"udheheqja-dhe-menaxhimi","status":"publish","type":"page","link":"https:\/\/www.piom.com.mk\/sq\/per-ne\/udheheqja-dhe-menaxhimi\/","title":{"rendered":"Udh\u00ebheqja dhe menaxhimi"},"content":{"rendered":"<p><strong>Organet e Fondit t\u00eb SPIMV-s\u00eb<br \/>\n<\/strong>Organet e Fondit jan\u00eb K\u00ebshilli Drejtues dhe Drejtori i Fondit.<\/p>\n<p style=\"text-align: justify;\">K\u00ebshilli Drejtues si organ menaxhues, p\u00ebrb\u00ebhet nga shtat\u00eb an\u00ebtar\u00eb t\u00eb em\u00ebruar nga Qeveria e Republik\u00ebs s\u00eb Maqedonis\u00eb s\u00eb Veriut p\u00ebr nj\u00eb periudh\u00eb kat\u00ebrvje\u00e7are. Nga numri i p\u00ebrgjithsh\u00ebm i an\u00ebtar\u00ebve, pes\u00eb prej tyre em\u00ebrohen me propozim t\u00eb institucioneve si: Ministria p\u00ebr Politik\u00eb Sociale, Demografi dhe Rini, Ministria e Financave, P\u00ebrfaq\u00ebsues i sindikatave, an\u00ebtar n\u00eb K\u00ebshillin Ekonomik dhe Social, P\u00ebrfaq\u00ebsues i pun\u00ebdh\u00ebn\u00ebsve an\u00ebtar, n\u00eb K\u00ebshillin Ekonomik dhe Lidhja e Shoqat\u00ebs s\u00eb Pensionist\u00ebve t\u00eb Maqedonis\u00eb s\u00eb Veriut.<\/p>\n<p><strong>An\u00ebtar\u00ebt e K\u00ebshillit Drejtues jan\u00eb:<\/strong><\/p>\n<p><!--[odbor_clenovi fw_shortcode_id=\"1\"]--><\/p>\n<table class=\"table-full table-rounded table-odbor\" width=\"255\">\n<thead class=\"table-head\">\n<tr class=\"table-single-row\">\n<th class=\"table-single-head\">Emri dhe mbiemri<\/th>\n<th class=\"table-single-head\">Funksioni<\/th>\n<\/tr>\n<\/thead>\n<tbody class=\"table-body\">\n<tr class=\"table-single-row\">\n<td class=\"table-single-cell\">Jasmina Vuki\u00e7eviq<\/td>\n<td class=\"table-single-cell\">Kryetar<\/td>\n<\/tr>\n<tr class=\"table-single-row\">\n<td class=\"table-single-cell\">Lup\u00e7o Farmakoski<\/td>\n<td class=\"table-single-cell\">An\u00ebtar<\/td>\n<\/tr>\n<tr class=\"table-single-row\">\n<td class=\"table-single-cell\">Stanka Trajkova<\/td>\n<td class=\"table-single-cell\">An\u00ebtar<\/td>\n<\/tr>\n<tr class=\"table-single-row\">\n<td class=\"table-single-cell\">Diana Ristovska Dodevski<\/td>\n<td class=\"table-single-cell\">An\u00ebtar<\/td>\n<\/tr>\n<tr class=\"table-single-row\">\n<td class=\"table-single-cell\">Beti Zhivadinoviq<\/td>\n<td class=\"table-single-cell\">An\u00ebtar<\/td>\n<\/tr>\n<tr class=\"table-single-row\">\n<td class=\"table-single-cell\">Isak Emini<\/td>\n<td class=\"table-single-cell\">An\u00ebtar<\/td>\n<\/tr>\n<tr class=\"table-single-row\">\n<td class=\"table-single-cell\">Igor Kitanoski<\/td>\n<td class=\"table-single-cell\">An\u00ebtar<\/td>\n<\/tr>\n<\/tbody>\n<\/table>\n<h5><\/h5>\n<p><!-- [odbor_clenovi fw_shortcode_id=\"1\"] --><\/p>\n<p>&nbsp;<\/p>\n<div class=\"odbor-member\">\n<div class=\"table-cell odbor-member-image-wrapper\">\n<div class=\"circle-image search-result-circle\"><img class=\"img-responsive circle-image-img\" \/><\/div>\n<\/div>\n<div class=\"table-cell odbor-member-information-wrapper\">\n<h5 class=\"member-function\">Kryetare e K\u00ebshillit Drejtues<\/h5>\n<h5 class=\"member-name information-heading-blue\">Jasmina Vuki\u00e7eviq<\/h5>\n<div class=\"member-description\">\n<p style=\"text-align: justify;\">K\u00ebshilli Drejtues i Fondit p\u00ebrcakton buxhetin e Fondit dhe miraton Llogarin\u00eb vjetore, udh\u00ebheq dhe vendos p\u00ebr shfryt\u00ebzimin e mjeteve, p\u00ebrcjell realizimin e marr\u00ebveshjeve nd\u00ebrkomb\u00ebtare, shqyrton \u00e7\u00ebshtjet, raportet, informacionet dhe materialet tjera lidhur me gjendjet e sigurimit pensional dhe invalidor. Gjithashtu, formon komisione dhe grupe punuese t\u00eb parashikuara me ligj dhe me statutin e Fondit.<\/p>\n<p style=\"text-align: justify;\">P\u00ebr pun\u00ebn e tij, K\u00ebshilli Drejtues i Fondit \u00ebsht\u00eb p\u00ebrgjegj\u00ebs para Qeveris\u00eb s\u00eb Republik\u00ebs s\u00eb Maqedonis\u00eb t\u00eb cil\u00ebs \u00e7do vit i dor\u00ebzon raportin vjetor t\u00eb pun\u00ebs s\u00eb Fondit.<\/p>\n<\/div>\n<\/div>\n<\/div>\n<div class=\"odbor-member\">\n<div class=\"table-cell odbor-member-image-wrapper\">\n<div class=\"circle-image search-result-circle\"><img decoding=\"async\" class=\"img-responsive circle-image-img\" src=\"\/wp-content\/uploads\/2024\/09\/DIREKTOR-IMG-20240925-WA0001.jpg\" alt=\"\u041d\u0438\u043a\u043e\u043b\u0430 \u041c\u0435\u043c\u043e\u0432\" \/><\/div>\n<\/div>\n<div class=\"table-cell odbor-member-information-wrapper\">\n<h5 class=\"member-function\">Drejtor<\/h5>\n<h5 class=\"member-name information-heading-blue\">Nikola Memov<\/h5>\n<div class=\"member-description\">\n<p style=\"text-align: justify;\">Drejtori udh\u00ebheq me Fondin dhe e p\u00ebrfaq\u00ebson at\u00eb para pal\u00ebve t\u00eb treta<\/p>\n<p style=\"text-align: justify;\">Ai kryen detyrat e p\u00ebrcaktuara me ligj, statut dhe aktet e tjera t\u00eb Fondit, si dhe organizon dhe koordinon pun\u00ebn e punonj\u00ebsve.<\/p>\n<p><a href=\"\/wp-content\/uploads\/2024\/09\/CV-Nikola-Memov-\u043c\u0430\u043a\u0435\u0434\u043e\u043d\u0441\u043a\u0438-1_compressed-1.pdf\">BIOGRAFIA<\/a><\/p>\n<\/div>\n<\/div>\n<\/div>\n<div class=\"odbor-member\">\n<div class=\"table-cell odbor-member-image-wrapper\">\n<div class=\"circle-image search-result-circle\"><\/div>\n<\/div>\n<div class=\"table-cell odbor-member-information-wrapper\">\n<h5 class=\"member-function\">Z\u00ebvend\u00ebsdrejtor<\/h5>\n<h5 class=\"member-name information-heading-blue\">U.D Vahit Ferati<\/h5>\n<div class=\"member-description\">\n<p style=\"text-align: justify;\">Drejtori i Fondit ka z\u00ebvend\u00ebsin e tij, i cili e z\u00ebvend\u00ebson drejtorin n\u00eb munges\u00eb dhe kryen detyra t\u00eb tjera t\u00eb p\u00ebrcaktuara nga satuti i Fondit. Z\u00ebvend\u00ebs drejtor i Fondit.<\/p>\n<\/div>\n<\/div>\n<\/div>\n","protected":false},"excerpt":{"rendered":"<p>Organet e Fondit t\u00eb SPIMV-s\u00eb Organet e Fondit jan\u00eb K\u00ebshilli Drejtues dhe Drejtori i Fondit. K\u00ebshilli Drejtues si organ menaxhues, p\u00ebrb\u00ebhet nga shtat\u00eb an\u00ebtar\u00eb t\u00eb em\u00ebruar nga Qeveria e Republik\u00ebs s\u00eb Maqedonis\u00eb s\u00eb Veriut p\u00ebr nj\u00eb periudh\u00eb kat\u00ebrvje\u00e7are. Nga numri i p\u00ebrgjithsh\u00ebm i an\u00ebtar\u00ebve, pes\u00eb prej tyre em\u00ebrohen me propozim t\u00eb institucioneve si: Ministria p\u00ebr [&hellip;]<\/p>\n","protected":false},"author":6,"featured_media":0,"parent":922,"menu_order":0,"comment_status":"closed","ping_status":"closed","template":"","meta":[],"_links":{"self":[{"href":"https:\/\/www.piom.com.mk\/sq\/wp-json\/wp\/v2\/pages\/3100"}],"collection":[{"href":"https:\/\/www.piom.com.mk\/sq\/wp-json\/wp\/v2\/pages"}],"about":[{"href":"https:\/\/www.piom.com.mk\/sq\/wp-json\/wp\/v2\/types\/page"}],"author":[{"embeddable":true,"href":"https:\/\/www.piom.com.mk\/sq\/wp-json\/wp\/v2\/users\/6"}],"replies":[{"embeddable":true,"href":"https:\/\/www.piom.com.mk\/sq\/wp-json\/wp\/v2\/comments?post=3100"}],"version-history":[{"count":59,"href":"https:\/\/www.piom.com.mk\/sq\/wp-json\/wp\/v2\/pages\/3100\/revisions"}],"predecessor-version":[{"id":14468,"href":"https:\/\/www.piom.com.mk\/sq\/wp-json\/wp\/v2\/pages\/3100\/revisions\/14468"}],"up":[{"embeddable":true,"href":"https:\/\/www.piom.com.mk\/sq\/wp-json\/wp\/v2\/pages\/922"}],"wp:attachment":[{"href":"https:\/\/www.piom.com.mk\/sq\/wp-json\/wp\/v2\/media?parent=3100"}],"curies":[{"name":"wp","href":"https:\/\/api.w.org\/{rel}","templated":true}]}}