{"id":984,"date":"2016-01-20T07:41:58","date_gmt":"2016-01-20T06:41:58","guid":{"rendered":"http:\/\/www.piom.com.mk\/sq\/?page_id=984"},"modified":"2025-11-19T14:31:50","modified_gmt":"2025-11-19T13:31:50","slug":"marreveshje-nderkombetare","status":"publish","type":"page","link":"https:\/\/www.piom.com.mk\/sq\/marreveshje-nderkombetare\/","title":{"rendered":"Marr\u00ebveshje Nd\u00ebrkomb\u00ebtare"},"content":{"rendered":"<p style=\"text-align: justify;\">Republika e Maqedonis\u00eb s\u00eb Veriut, p\u00ebr t\u00eb mbrojtur qytetar\u00ebt e saj jasht\u00eb vendit, ka lidhur marr\u00ebveshje nd\u00ebrkomb\u00ebtare p\u00ebr sigurim social me shtete t\u00eb tjera. Me k\u00ebrkes\u00ebn e tyre, qytetar\u00ebt e Republik\u00ebs s\u00eb Maqedonis\u00eb s\u00eb Veriut q\u00eb jan\u00eb pun\u00ebsuar ose q\u00ebndrojn\u00eb jasht\u00eb vendit, si dhe an\u00ebtar\u00ebt e familjes s\u00eb tyre, i realizojn\u00eb t\u00eb drejtat e tyre n\u00eb baz\u00eb t\u00eb pun\u00ebs, p\u00ebrkat\u00ebsisht sigurimit jasht\u00eb vendit, p\u00ebrmes formave t\u00eb caktuara t\u00eb sigurimit social (sigurim pensional, sh\u00ebndet\u00ebsor, etj.).<\/p>\n<p style=\"text-align: justify;\">P\u00ebr realizimin e procedur\u00ebs s\u00eb zbatimit t\u00eb marr\u00ebveshjeve nd\u00ebrkomb\u00ebtare p\u00ebr sigurim social n\u00eb Republik\u00ebn e Maqedonis\u00eb s\u00eb Veriut, kompetent \u00ebsht\u00eb Seksioni p\u00ebr zbatimin e dispozitave t\u00eb Bashkimit Evropian dhe marr\u00ebveshjeve nd\u00ebrkomb\u00ebtare p\u00ebr sigurim social, pran\u00eb Sh\u00ebrbimit profesional t\u00eb Fondit p\u00ebr Sigurim Pensional dhe Invalidor t\u00eb Maqedonis\u00eb s\u00eb Veriut \u2013 Qend\u00ebr Shkup.<\/p>\n<p style=\"text-align: justify;\">P\u00ebr zbatimin e marr\u00ebveshjeve p\u00ebr sigurim social q\u00eb ka lidhur Republika e Maqedonis\u00eb s\u00eb Veriut me ish-republikat jugosllave: Kroacin\u00eb, Sllovenin\u00eb, Serbin\u00eb, Bosnje &#8211; Hercegovin\u00ebn, Malin e Zi dhe Kosov\u00ebn (marr\u00ebveshje p\u00ebr konfirmimin e periudhave t\u00eb sigurimit), kompetente jan\u00eb filialet e autorizuara t\u00eb Fondit p\u00ebr Sigurim Pensional dhe Invalidor t\u00eb Maqedonis\u00eb s\u00eb Veriut: \u2013 Filiali n\u00eb Shkup, Manastir, Kumanov\u00eb, Prilep, Veles, Shtip, Tetov\u00eb, Gostivar, Strumic\u00eb, Gjevgjeli, Probishtip, Ko\u00e7an, Kriva Pallank\u00eb, Berov\u00eb, Oh\u00ebr, Strug\u00eb, Dell\u00e7ev\u00eb, Kavadar, Resnj\u00eb dhe K\u00ebr\u00e7ov\u00eb.<\/p>\n<p style=\"text-align: justify;\">Filialet e Sh\u00ebrbimit Profesional t\u00eb Fondit t\u00eb SPIMV-s\u00eb jan\u00eb kompetent p\u00ebr zbatimin e marr\u00ebveshjeve p\u00ebr sigurim social me ish-republikat Jugosllave, n\u00ebse i siguruari nuk ka p\u00ebrvoj\u00eb pune n\u00eb ndonj\u00eb nga shtetet evropiane ose p\u00ebrmes shteteve t\u00eb oqeanit, Kanadaja dhe Australia.<\/p>\n<p style=\"text-align: justify;\">LISTA E MARR\u00cbVESHJEVE BILATERIALE P\u00cbR SIGURIM SOCIAL Q\u00cb JAN\u00cb N\u00cb FUQI<\/p>\n<p style=\"text-align: justify;\"><a href=\"https:\/\/www.piom.com.mk\/wp-content\/uploads\/2016\/01\/MARR\u00cbVESHJET-P\u00cbR-SIGURIM-SOCIAL-T\u00cb-LIDHURA-NGA-REPUBLIKA-E-MAQEDONIS\u00cb-S\u00cb-VERIUT.pdf\" rel=\"\">MARR\u00cbVESHJET P\u00cbR SIGURIM SOCIAL T\u00cb LIDHURA NGA REPUBLIKA E MAQEDONIS\u00cb S\u00cb VERIUT<\/a><\/p>\n<p><strong>Marr\u00ebveshje p\u00ebr sigurim social\u00a0<\/strong><\/p>\n<ul>\n<li><a href=\"https:\/\/www.piom.com.mk\/wp-content\/uploads\/2016\/01\/Makedonsko-avtstriska-konvencija-za-socijalno-osiguruvanje-1.pdf\" rel=\"\">Konventa Maqedoni &#8211; Austri p\u00ebr sigurim social <\/a><\/li>\n<li><a href=\"https:\/\/www.piom.com.mk\/wp-content\/uploads\/2016\/01\/Marr\u00ebveshje-p\u00ebr-sigurim-social-nd\u00ebrmjet-Republik\u00ebs-s\u00eb-Maqedonis\u00eb-dhe-Republik\u00ebs-s\u00eb-Kroacis\u00eb.pdf\" rel=\"\">Marr\u00ebveshje p\u00ebr sigurim social nd\u00ebrmjet Republik\u00ebs s\u00eb Maqedonis\u00eb dhe Republik\u00ebs s\u00eb Kroacis\u00eb<\/a><\/li>\n<li><a href=\"https:\/\/www.piom.com.mk\/wp-content\/uploads\/2016\/01\/Marr\u00ebveshje-p\u00ebr-sigurim-social-nd\u00ebrmjet-Republik\u00ebs-s\u00eb-Maqedonis\u00eb-dhe-Republik\u00ebs-s\u00eb-Turqis\u00eb.pdf\" rel=\"\">Marr\u00ebveshje p\u00ebr sigurim social nd\u00ebrmjet Republik\u00ebs s\u00eb Maqedonis\u00eb dhe Republik\u00ebs s\u00eb Turqis\u00eb<\/a><\/li>\n<li><a href=\"https:\/\/www.piom.com.mk\/wp-content\/uploads\/2016\/01\/4.Marr\u00ebveshje-p\u00ebr-sigurim-social-nd\u00ebrmjet-Republik\u00ebs-s\u00eb-Maqedonis\u00eb-dhe-Republik\u00ebs-s\u00eb-Sllovenis\u00eb.pdf\" rel=\"\">Marr\u00ebveshje p\u00ebr sigurim social nd\u00ebrmjet Republik\u00ebs s\u00eb Maqedonis\u00eb dhe Republik\u00ebs s\u00eb Sllovenis\u00eb<\/a><\/li>\n<li><a href=\"https:\/\/www.piom.com.mk\/wp-content\/uploads\/2016\/01\/Marr\u00ebveshje-p\u00ebr-plot\u00ebsimin-dhe-ndryshimin-e-Marr\u00ebveshjes-p\u00ebr-sigurim-social-nd\u00ebrmjet-Republik\u00ebs-s\u00eb-Maqedonis\u00eb-dhe-Republik\u00ebs-s\u00eb-Sllovenis\u00eb.pdf\" rel=\"\">Marr\u00ebveshje p\u00ebr plot\u00ebsimin dhe ndryshimin e Marr\u00ebveshjes p\u00ebr sigurim social nd\u00ebrmjet Republik\u00ebs s\u00eb Maqedonis\u00eb dhe Republik\u00ebs s\u00eb Sllovenis\u00eb<\/a><\/li>\n<li><a href=\"https:\/\/www.piom.com.mk\/wp-content\/uploads\/2016\/01\/Konventa-p\u00ebr-sigurim-social-nd\u00ebrmjet-Republik\u00ebs-s\u00eb-Maqedonis\u00eb-dhe-Konfederat\u00ebs-Zvicerane.pdf\" rel=\"\">Konventa p\u00ebr sigurim social nd\u00ebrmjet Republik\u00ebs s\u00eb Maqedonis\u00eb dhe Konfederat\u00ebs Zvicerane<\/a><\/li>\n<li><a href=\"https:\/\/www.piom.com.mk\/wp-content\/uploads\/2016\/01\/7.Marr\u00ebveshje-p\u00ebr-sigurim-social-nd\u00ebrmjet-Republik\u00ebs-s\u00eb-Maqedonis\u00eb-dhe-Republik\u00ebs-Federale-t\u00eb-Jugosllavis\u00eb.pdf\" rel=\"\">Marr\u00ebveshje p\u00ebr sigurim social nd\u00ebrmjet Republik\u00ebs s\u00eb Maqedonis\u00eb dhe Republik\u00ebs Federale t\u00eb Jugosllavis\u00eb<\/a><\/li>\n<li><a href=\"https:\/\/www.piom.com.mk\/wp-content\/uploads\/2016\/01\/8.Marr\u00ebveshje-p\u00ebr-sigurim-social-nd\u00ebrmjet-Republik\u00ebs-s\u00eb-Maqedonis\u00eb-dhe-Republik\u00ebs-s\u00eb-Bullgaris\u00eb.pdf\" rel=\"\">Marr\u00ebveshje p\u00ebr sigurim social nd\u00ebrmjet Republik\u00ebs s\u00eb Maqedonis\u00eb dhe Republik\u00ebs s\u00eb Bullgaris\u00eb<\/a><\/li>\n<li><a href=\"https:\/\/www.piom.com.mk\/wp-content\/uploads\/2016\/01\/9.Marr\u00ebveshje-p\u00ebr-sigurim-social-nd\u00ebrmjet-Qeveris\u00eb-s\u00eb-Maqedonis\u00eb-dhe-Qeveris\u00eb-Republik\u00ebs-Federale-t\u00eb-Gjermanis\u00eb.pdf\" rel=\"\">Marr\u00ebveshje p\u00ebr sigurim social nd\u00ebrmjet Qeveris\u00eb s\u00eb Maqedonis\u00eb dhe Qeveris\u00eb s\u00eb Republik\u00ebs Federale t\u00eb Gjermanis\u00eb<\/a><\/li>\n<li><a href=\"https:\/\/www.piom.com.mk\/wp-content\/uploads\/2016\/01\/10.Marr\u00ebveshje-p\u00ebr-sigurim-social-nd\u00ebrmjet-Republik\u00ebs-s\u00eb-Maqedonis\u00eb-dhe-Bosnje-e-Hercegovin\u00ebs.pdf\" rel=\"\">Marr\u00ebveshje p\u00ebr sigurim social nd\u00ebrmjet Republik\u00ebs s\u00eb Maqedonis\u00eb dhe Bosnje e Hercegovin<\/a>\u00eb<\/li>\n<li><a href=\"https:\/\/www.piom.com.mk\/wp-content\/uploads\/2016\/01\/11.Marr\u00ebveshje-p\u00ebr-sigurim-social-nd\u00ebrmjet-Republik\u00ebs-s\u00eb-Maqedonis\u00eb-dhe-Republik\u00ebs-s\u00eb-\u00c7eke.pdf\" rel=\"\">Marr\u00ebveshje p\u00ebr sigurim social nd\u00ebrmjet Republik\u00ebs s\u00eb Maqedonis\u00eb dhe Republik\u00ebs \u00c7eke<\/a><\/li>\n<li><a href=\"https:\/\/www.piom.com.mk\/wp-content\/uploads\/2016\/01\/12.Marr\u00ebveshje-p\u00ebr-sigurim-social-nd\u00ebrmjet-Qeveris\u00eb-s\u00eb-Maqedonis\u00eb-s\u00eb-Mbret\u00ebris\u00eb-s\u00eb-Holand\u00ebs.pdf\" rel=\"\">Marr\u00ebveshje p\u00ebr sigurim social nd\u00ebrmjet Qeveris\u00eb s\u00eb Maqedonis\u00eb dhe Qeveris\u00eb s\u00eb Mbret\u00ebris\u00eb s\u00eb Holand\u00ebs<\/a><\/li>\n<li><a href=\"https:\/\/www.piom.com.mk\/wp-content\/uploads\/2016\/01\/13.Marr\u00ebveshje-p\u00ebr-sigurim-social-nd\u00ebrmjet-Republik\u00ebs-s\u00eb-Maqedonis\u00eb-dhe-Rumunis\u00eb.pdf\" rel=\"\">Marr\u00ebveshje p\u00ebr sigurim social nd\u00ebrmjet Republik\u00ebs s\u00eb Maqedonis\u00eb dhe Rumanis\u00eb<\/a><\/li>\n<li><a href=\"https:\/\/www.piom.com.mk\/wp-content\/uploads\/2016\/01\/14.Marr\u00ebveshje-nd\u00ebrmjet-Republik\u00ebs-s\u00eb-Maqedonis\u00eb-dhe-Republik\u00ebs-s\u00eb-Polonis\u00eb.pdf\" rel=\"\">Marr\u00ebveshje p\u00ebr sigurim social nd\u00ebrmjet Republik\u00ebs s\u00eb Maqedonis\u00eb dhe Republik\u00ebs s\u00eb Polonis\u00eb<\/a><\/li>\n<li><a href=\"https:\/\/www.piom.com.mk\/wp-content\/uploads\/2016\/01\/15.Marr\u00ebveshje-p\u00ebr-sigurim-social-nd\u00ebrmjet-Republik\u00ebs-s\u00eb-Maqedonis\u00eb-dhe-Mbret\u00ebris\u00eb-s\u00eb-Luksemburgut.pdf\" rel=\"\">Marr\u00ebveshje p\u00ebr sigurim social nd\u00ebrmjet Republik\u00ebs s\u00eb Maqedonis\u00eb dhe Dukatit t\u00eb Madh t\u00eb Luksemburgut<\/a><\/li>\n<li><a href=\"https:\/\/www.piom.com.mk\/wp-content\/uploads\/2016\/01\/16.Marr\u00ebveshje-p\u00ebr-sigurim-social-nd\u00ebrmjet-Qeveris\u00eb-s\u00eb-Maqedonis\u00eb-dhe-Qeveris\u00eb-s\u00eb-Belgjik\u00ebs.pdf\" rel=\"\">Marr\u00ebveshje p\u00ebr sigurim social nd\u00ebrmjet Qeveris\u00eb s\u00eb Maqedonis\u00eb dhe Qeveris\u00eb s\u00eb Belgjik\u00ebs<\/a><\/li>\n<li><a href=\"https:\/\/www.piom.com.mk\/wp-content\/uploads\/2016\/01\/17.Marr\u00ebveshje-p\u00ebr-sigurim-social-nd\u00ebrmjet-Republik\u00ebs-s\u00eb-Maqedonis\u00eb-dhe-Kanad\u00ebs.pdf\" rel=\"\">Marr\u00ebveshje p\u00ebr sigurim social nd\u00ebrmjet Republik\u00ebs s\u00eb Maqedonis\u00eb dhe Kanad\u00ebs<\/a><\/li>\n<li><a href=\"https:\/\/www.piom.com.mk\/wp-content\/uploads\/2016\/01\/18.Marr\u00ebveshje-p\u00ebr-sigurim-social-nd\u00ebrmjet-Republik\u00ebs-s\u00eb-Maqedonis\u00eb-dhe-Australis\u00eb.pdf\" rel=\"\">Marr\u00ebveshje p\u00ebr sigurim social nd\u00ebrmjet Republik\u00ebs s\u00eb Maqedonis\u00eb dhe Australis\u00eb<\/a><\/li>\n<li><a href=\"https:\/\/www.piom.com.mk\/wp-content\/uploads\/2016\/01\/19.Marr\u00ebveshje-p\u00ebr-sigurim-pensional-nd\u00ebrmjet-Republik\u00ebs-s\u00eb-Maqedonis\u00eb-dhe-Malit-t\u00eb-Zi.pdf\" rel=\"\">Marr\u00ebveshje p\u00ebr sigurim pensional nd\u00ebrmjet Republik\u00ebs s\u00eb Maqedonis\u00eb dhe Malit t\u00eb Zi<\/a><\/li>\n<li><a href=\"https:\/\/www.piom.com.mk\/wp-content\/uploads\/2016\/01\/20.Marr\u00ebveshje-nd\u00ebrmjet-Qeveris\u00eb-s\u00eb-Republik\u00ebs-s\u00eb-Maqedonis\u00eb-dhe-Qeveris\u00eb-s\u00eb-Republik\u00ebs-s\u00eb-Kosov\u00ebs-p\u00ebr-p\u00ebrcaktimin-e-periudhave-t\u00eb-sigurimit-p\u00ebr-realizimin-e-t\u00eb-drejt\u00ebs-s\u00eb-pensionit.pdf\" rel=\"\">Marr\u00ebveshje nd\u00ebrmjet Qeveris\u00eb s\u00eb Republik\u00ebs s\u00eb Maqedonis\u00eb dhe Qeveris\u00eb s\u00eb Republik\u00ebs s\u00eb Kosov\u00ebs p\u00ebr konfirmimin e periudhave t\u00eb sigurimit p\u00ebr realizimin e t\u00eb drejt\u00ebs s\u00eb pensionit<\/a><\/li>\n<li><a href=\"https:\/\/www.piom.com.mk\/wp-content\/uploads\/2016\/01\/21.Marr\u00ebveshje-p\u00ebr-sigurim-socia\u00eb-nd\u00ebrmjet-Republik\u00ebs-s\u00eb-Maqedonis\u00eb-dhe-Republik\u00ebs-s\u00eb-Sllovakis\u00eb.pdf\" rel=\"\">Marr\u00ebveshje p\u00ebr sigurim socia\u00eb nd\u00ebrmjet Republik\u00ebs s\u00eb Maqedonis\u00eb dhe Republik\u00ebs s\u00eb Sllovakis\u00eb<\/a><\/li>\n<li><a href=\"https:\/\/www.piom.com.mk\/wp-content\/uploads\/2016\/01\/22.Marr\u00ebveshje-p\u00ebr-sigurim-social-nd\u00ebrmjet-Republik\u00ebs-s\u00eb-Maqedonis\u00eb-dhe-Republik\u00ebs-s\u00eb-Shqip\u00ebris\u00eb.pdf\" rel=\"\">Marr\u00ebveshje p\u00ebr sigurim social nd\u00ebrmjet Republik\u00ebs s\u00eb Maqedonis\u00eb dhe Republik\u00ebs s\u00eb Shqip\u00ebris\u00eb<\/a><\/li>\n<li><a href=\"https:\/\/www.piom.com.mk\/wp-content\/uploads\/2016\/01\/23.Marr\u00ebveshje-sigurim-social-dhe-siguri-sociale-nd\u00ebrmjet-Republik\u00ebs-s\u00eb-Maqedonis\u00eb-dhe-Hungaris\u00eb.pdf\" rel=\"\">Marr\u00ebveshje sigurim social dhe siguri sociale nd\u00ebrmjet Republik\u00ebs s\u00eb Maqedonis\u00eb dhe Hungaris\u00eb<\/a><\/li>\n<\/ul>\n<p>*Deri n\u00eb lidhjen e marr\u00ebveshjeve t\u00eb reja p\u00ebr sigurim social, Republika e Maqedonis\u00eb s\u00eb Veriut zbaton konventat e miratuara nga ish -RFSJ, p\u00ebrkat\u00ebsisht me: Franc\u00ebn, Anglin\u00eb dhe Irland\u00ebn e Veriut, Italin\u00eb, Norvegjin\u00eb, Suedin\u00eb dhe Danimark\u00ebn.<\/p>\n<p>Konventat p\u00ebr sigurim social t\u00eb cilat Republika e Maqedonis\u00eb s\u00eb Veriut i ka marr\u00eb nga ish RFSJ,<\/p>\n<ul>\n<li><a href=\"https:\/\/www.piom.com.mk\/wp-content\/uploads\/2016\/01\/Konvent\u00eb-e-p\u00ebrgjithshme-p\u00ebr-sigurim-social-me-Republik\u00ebn-e-Franc\u00ebs.pdf\" rel=\"\">Konvent\u00eb e p\u00ebrgjithshme p\u00ebr sigurim social me Republik\u00ebn e Franc\u00ebs<\/a><\/li>\n<li><a href=\"https:\/\/www.piom.com.mk\/wp-content\/uploads\/2016\/01\/Konvent\u00eb-p\u00ebr-sigurim-social-me-Mbret\u00ebrin\u00eb-e-Bashkuar-Britania-e-Madhe-dhe-Irlanda-e-Veriut.pdf\" rel=\"\">Konvent\u00eb p\u00ebr sigurim social me Mbret\u00ebrin\u00eb e Bashkuar t\u00eb Britanis\u00eb s\u00eb Madhe dhe Irland\u00ebs s\u00eb Veriut<\/a><\/li>\n<li><a href=\"https:\/\/www.piom.com.mk\/wp-content\/uploads\/2016\/01\/Konvent\u00eb-p\u00ebr-sigurim-social-me-Republik\u00ebn-e-Italis\u00eb.pdf\" rel=\"\">Konvent\u00eb p\u00ebr sigurim social me Republik\u00ebn e Italis\u00eb<\/a><\/li>\n<li><a href=\"https:\/\/www.piom.com.mk\/wp-content\/uploads\/2016\/01\/Konvent\u00eb-p\u00ebr-sigurim-social-me-Mbret\u00ebrin\u00eb-e-Norvegjis\u00eb.pdf\" rel=\"\">Konvent\u00eb p\u00ebr sigurim social me Mbret\u00ebrin\u00eb e Norvegjis\u00eb<\/a><\/li>\n<li><a href=\"https:\/\/www.piom.com.mk\/wp-content\/uploads\/2016\/01\/Konvent\u00eb-p\u00ebr-sigurim-social-me-Mbret\u00ebrin\u00eb-e-Suedis\u00eb.pdf\" rel=\"\">Konvent\u00eb p\u00ebr sigurim social me Mbret\u00ebrin\u00eb e Suedis\u00eb<\/a><\/li>\n<li><a href=\"https:\/\/www.piom.com.mk\/wp-content\/uploads\/2016\/01\/Konvent\u00eb-p\u00ebr-sigurim-social-me-Mbret\u00ebrin\u00eb-e-Danimark\u00ebs.pdf\" rel=\"\">Konvent\u00eb p\u00ebr sigurim social me Mbret\u00ebrin\u00eb e Danimark\u00ebs<\/a><\/li>\n<\/ul>\n<pre id=\"tw-target-text\" class=\"tw-data-text tw-text-large tw-ta\" dir=\"ltr\" data-placeholder=\"\u041f\u0440\u0435\u0432\u043e\u0434\"><\/pre>\n","protected":false},"excerpt":{"rendered":"<p>Republika e Maqedonis\u00eb s\u00eb Veriut, p\u00ebr t\u00eb mbrojtur qytetar\u00ebt e saj jasht\u00eb vendit, ka lidhur marr\u00ebveshje nd\u00ebrkomb\u00ebtare p\u00ebr sigurim social me shtete t\u00eb tjera. Me k\u00ebrkes\u00ebn e tyre, qytetar\u00ebt e Republik\u00ebs s\u00eb Maqedonis\u00eb s\u00eb Veriut q\u00eb jan\u00eb pun\u00ebsuar ose q\u00ebndrojn\u00eb jasht\u00eb vendit, si dhe an\u00ebtar\u00ebt e familjes s\u00eb tyre, i realizojn\u00eb t\u00eb drejtat e tyre [&hellip;]<\/p>\n","protected":false},"author":1,"featured_media":0,"parent":0,"menu_order":0,"comment_status":"closed","ping_status":"closed","template":"","meta":[],"_links":{"self":[{"href":"https:\/\/www.piom.com.mk\/sq\/wp-json\/wp\/v2\/pages\/984"}],"collection":[{"href":"https:\/\/www.piom.com.mk\/sq\/wp-json\/wp\/v2\/pages"}],"about":[{"href":"https:\/\/www.piom.com.mk\/sq\/wp-json\/wp\/v2\/types\/page"}],"author":[{"embeddable":true,"href":"https:\/\/www.piom.com.mk\/sq\/wp-json\/wp\/v2\/users\/1"}],"replies":[{"embeddable":true,"href":"https:\/\/www.piom.com.mk\/sq\/wp-json\/wp\/v2\/comments?post=984"}],"version-history":[{"count":21,"href":"https:\/\/www.piom.com.mk\/sq\/wp-json\/wp\/v2\/pages\/984\/revisions"}],"predecessor-version":[{"id":14454,"href":"https:\/\/www.piom.com.mk\/sq\/wp-json\/wp\/v2\/pages\/984\/revisions\/14454"}],"wp:attachment":[{"href":"https:\/\/www.piom.com.mk\/sq\/wp-json\/wp\/v2\/media?parent=984"}],"curies":[{"name":"wp","href":"https:\/\/api.w.org\/{rel}","templated":true}]}}